{"version":"1.0","provider_name":"FESTRAM","provider_url":"https:\/\/municipales.org.ar\/festram","author_name":"mun_admin","author_url":"https:\/\/municipales.org.ar\/festram\/author\/mun_admin\/","title":"Stella Maris Ciarello: \"Soy apartidaria, pero no apol\u00edtica\" &#8211; FESTRAM","type":"rich","width":600,"height":338,"html":"<blockquote class=\"wp-embedded-content\" data-secret=\"e9Hy7KK8GF\"><a href=\"https:\/\/municipales.org.ar\/festram\/stella-maris-ciarello-soy-apartidaria-pero-no-apolitica\/\">Stella Maris Ciarello: \u00abSoy apartidaria, pero no apol\u00edtica\u00bb<\/a><\/blockquote><iframe sandbox=\"allow-scripts\" security=\"restricted\" src=\"https:\/\/municipales.org.ar\/festram\/stella-maris-ciarello-soy-apartidaria-pero-no-apolitica\/embed\/#?secret=e9Hy7KK8GF\" width=\"600\" height=\"338\" title=\"\u00abStella Maris Ciarello: \u00abSoy apartidaria, pero no apol\u00edtica\u00bb\u00bb \u2014 FESTRAM\" data-secret=\"e9Hy7KK8GF\" frameborder=\"0\" marginwidth=\"0\" marginheight=\"0\" scrolling=\"no\" class=\"wp-embedded-content\"><\/iframe><script type=\"text\/javascript\">\n\/* <![CDATA[ *\/\n\/*! This file is auto-generated *\/\n!function(d,l){\"use strict\";l.querySelector&&d.addEventListener&&\"undefined\"!=typeof URL&&(d.wp=d.wp||{},d.wp.receiveEmbedMessage||(d.wp.receiveEmbedMessage=function(e){var t=e.data;if((t||t.secret||t.message||t.value)&&!\/[^a-zA-Z0-9]\/.test(t.secret)){for(var s,r,n,a=l.querySelectorAll('iframe[data-secret=\"'+t.secret+'\"]'),o=l.querySelectorAll('blockquote[data-secret=\"'+t.secret+'\"]'),c=new RegExp(\"^https?:$\",\"i\"),i=0;i<o.length;i++)o[i].style.display=\"none\";for(i=0;i<a.length;i++)s=a[i],e.source===s.contentWindow&&(s.removeAttribute(\"style\"),\"height\"===t.message?(1e3<(r=parseInt(t.value,10))?r=1e3:~~r<200&&(r=200),s.height=r):\"link\"===t.message&&(r=new URL(s.getAttribute(\"src\")),n=new URL(t.value),c.test(n.protocol))&&n.host===r.host&&l.activeElement===s&&(d.top.location.href=t.value))}},d.addEventListener(\"message\",d.wp.receiveEmbedMessage,!1),l.addEventListener(\"DOMContentLoaded\",function(){for(var e,t,s=l.querySelectorAll(\"iframe.wp-embedded-content\"),r=0;r<s.length;r++)(t=(e=s[r]).getAttribute(\"data-secret\"))||(t=Math.random().toString(36).substring(2,12),e.src+=\"#?secret=\"+t,e.setAttribute(\"data-secret\",t)),e.contentWindow.postMessage({message:\"ready\",secret:t},\"*\")},!1)))}(window,document);\n\/* ]]> *\/\n<\/script>\n","thumbnail_url":"https:\/\/municipales.org.ar\/festram\/wp-content\/uploads\/2014\/07\/ciarello.jpg","thumbnail_width":396,"thumbnail_height":264,"description":"La primera mujer en acceder a la conducci\u00f3n del sindicato municipal de Rosario quiere introducir la perspectiva de g\u00e9nero en la agenda del quehacer gremial. Al referir sus objetivos, revel\u00f3 que hay muchos casos de violencia laboral dentro del municipio."}