{"id":443,"date":"2014-06-17T11:46:07","date_gmt":"2014-06-17T14:46:07","guid":{"rendered":"http:\/\/municipales.org.ar\/festram\/?page_id=443"},"modified":"2018-03-15T13:15:48","modified_gmt":"2018-03-15T16:15:48","slug":"regionales","status":"publish","type":"page","link":"https:\/\/municipales.org.ar\/festram\/regionales\/","title":{"rendered":"Regionales"},"content":{"rendered":"<h5>Con la finalidad de optimizar una instancia regional en la hip\u00f3tesis de conflictos, y basada en la utilizaci\u00f3n de estrategias comunes a trav\u00e9s del conocimiento directo de la realidad de la regi\u00f3n, se constituy\u00f3 este nuevo \u00f3rgano de conducci\u00f3n que qued\u00f3 establecido en la creaci\u00f3n de siete delegaciones regionales, que geogr\u00e1ficamente contienen y atienden a los 43 Sindicatos Municipales existentes en el territorio provincial.<\/h5>\n<p>&nbsp;<\/p>\n\n<table id=\"tablepress-3\" class=\"tablepress tablepress-id-3\">\n<thead>\n<tr class=\"row-1\">\n\t<th class=\"column-1\"><strong>REGIONAL<\/strong><\/th><th class=\"column-2\"><strong>SINDICATOS QUE LA INTEGRAN<\/strong><\/th><th class=\"column-3\"><strong>DELEGADO<\/strong><\/th><th class=\"column-4\"><strong>SINDICATO AL QUE PERTENECE<\/strong><\/th>\n<\/tr>\n<\/thead>\n<tbody class=\"row-striping row-hover\">\n<tr class=\"row-2\">\n\t<td class=\"column-1\"><strong>SUROESTE<\/strong><\/td><td class=\"column-2\">Rufino<br \/>\nVenado Tuerto<br \/>\nCasilda<br \/>\nFirmat<br \/>\nRold\u00e1n\t<\/td><td class=\"column-3\"><strong>JUAREZ<\/strong>, Enzo<\/td><td class=\"column-4\">FIRMAT<\/td>\n<\/tr>\n<tr class=\"row-3\">\n\t<td class=\"column-1\"><strong>OESTE<\/strong><\/td><td class=\"column-2\">Ca\u00f1ada de G\u00f3mez<br \/>\nCarcara\u00f1\u00e1<br \/>\nCorrea<br \/>\nEl Tr\u00e9bol<br \/>\nLas Rosas<br \/>\nLas Parejas\t<\/td><td class=\"column-3\"><strong>G\u00d3MEZ<\/strong>, Claudio<\/td><td class=\"column-4\">LAS ROSAS<\/td>\n<\/tr>\n<tr class=\"row-4\">\n\t<td class=\"column-1\"><strong>SURESTE\t<\/strong><\/td><td class=\"column-2\">Pto. Gral. San Mart\u00edn<br \/>\nSan Lorenzo<br \/>\nFray Luis Beltr\u00e1n<br \/>\nCapit\u00e1n Berm\u00fadez<br \/>\nGranadero Baigorria<\/td><td class=\"column-3\"><strong>SANTA CRUZ<\/strong>, Miguel<\/td><td class=\"column-4\">FRAY LUIS BELTR\u00c1N<\/td>\n<\/tr>\n<tr class=\"row-5\">\n\t<td class=\"column-1\"><strong>CENTRO SUR\t<br \/>\n<\/strong><\/td><td class=\"column-2\">Rosario<br \/>\nFunes<br \/>\nP\u00e9rez<br \/>\nVilla Constituci\u00f3n<br \/>\nArroyo Seco<br \/>\nVilla Gdor. G\u00e1lvez\t<\/td><td class=\"column-3\"><strong>LUCCI<\/strong>, Valent\u00edn\t<\/td><td class=\"column-4\">PEREZ<\/td>\n<\/tr>\n<tr class=\"row-6\">\n\t<td class=\"column-1\"><strong>CENTRO NORTE\t<\/strong><\/td><td class=\"column-2\">Coronda<br \/>\nG\u00e1lvez<br \/>\nLaguna Paiva<br \/>\nDepto. Garay<br \/>\nSanta Fe<br \/>\nSan Carlos Centro<br \/>\nSan Jorge<br \/>\nSanto Tom\u00e9\t<\/td><td class=\"column-3\"><strong>HERZOG<\/strong>, Mauricio\t<\/td><td class=\"column-4\">SANTO TOM\u00c9<\/td>\n<\/tr>\n<tr class=\"row-7\">\n\t<td class=\"column-1\"><strong>NORESTE<\/strong><\/td><td class=\"column-2\">Villa Ocampo<br \/>\nCalchaqu\u00ed<br \/>\nVera<br \/>\nReconquista<br \/>\nSan Javier<br \/>\nSan Justo<br \/>\nAvellaneda\t<\/td><td class=\"column-3\"><strong>VALLEJOS<\/strong>, Vicente<\/td><td class=\"column-4\">RECONQUISTA<\/td>\n<\/tr>\n<tr class=\"row-8\">\n\t<td class=\"column-1\"><strong>NOROESTE<\/strong><\/td><td class=\"column-2\">Sunchales<br \/>\nSan Crist\u00f3bal<br \/>\nTostado<br \/>\nCeres<br \/>\nRafaela\t<\/td><td class=\"column-3\"><strong>RUIZ<\/strong>, Antonio<\/td><td class=\"column-4\">CERES<\/td>\n<\/tr>\n<\/tbody>\n<\/table>\n<!-- #tablepress-3 from cache -->\n","protected":false},"excerpt":{"rendered":"<p>Con la finalidad de optimizar una instancia regional en la hip\u00f3tesis de conflictos, y basada en la utilizaci\u00f3n de estrategias comunes a trav\u00e9s del conocimiento directo de la realidad de la regi\u00f3n, se constituy\u00f3 este nuevo \u00f3rgano de conducci\u00f3n que qued\u00f3 establecido en la creaci\u00f3n de siete delegaciones regionales, que geogr\u00e1ficamente contienen y atienden a [&hellip;]<\/p>\n","protected":false},"author":1,"featured_media":0,"parent":0,"menu_order":0,"comment_status":"closed","ping_status":"closed","template":"","meta":{"footnotes":""},"class_list":["post-443","page","type-page","status-publish","hentry"],"yoast_head":"<!-- This site is optimized with the Yoast SEO plugin v25.9 - https:\/\/yoast.com\/wordpress\/plugins\/seo\/ -->\n<title>Regionales &#8211; FESTRAM<\/title>\n<meta name=\"description\" content=\"Con la finalidad de optimizar una instancia regional en la hip\u00f3tesis de conflictos, y basada en la utilizaci\u00f3n de estrategias comunes a trav\u00e9s del conocimiento directo de la realidad de la regi\u00f3n, se constituy\u00f3 este nuevo \u00f3rgano de conducci\u00f3n que qued\u00f3 establecido en la creaci\u00f3n de siete delegaciones regionales.\" \/>\n<meta name=\"robots\" content=\"index, follow, max-snippet:-1, max-image-preview:large, max-video-preview:-1\" \/>\n<link rel=\"canonical\" href=\"https:\/\/municipales.org.ar\/festram\/regionales\/\" \/>\n<meta property=\"og:locale\" content=\"es_ES\" \/>\n<meta property=\"og:type\" content=\"article\" \/>\n<meta property=\"og:title\" content=\"Regionales &#8211; FESTRAM\" \/>\n<meta property=\"og:description\" content=\"Con la finalidad de optimizar una instancia regional en la hip\u00f3tesis de conflictos, y basada en la utilizaci\u00f3n de estrategias comunes a trav\u00e9s del conocimiento directo de la realidad de la regi\u00f3n, se constituy\u00f3 este nuevo \u00f3rgano de conducci\u00f3n que qued\u00f3 establecido en la creaci\u00f3n de siete delegaciones regionales.\" \/>\n<meta property=\"og:url\" content=\"https:\/\/municipales.org.ar\/festram\/regionales\/\" \/>\n<meta property=\"og:site_name\" content=\"FESTRAM\" \/>\n<meta property=\"article:publisher\" content=\"https:\/\/www.facebook.com\/MunicipalesSF\" \/>\n<meta property=\"article:modified_time\" content=\"2018-03-15T16:15:48+00:00\" \/>\n<meta property=\"og:image\" content=\"https:\/\/municipales.org.ar\/festram\/wp-content\/uploads\/2015\/11\/tapa-convocatoria-2016A.jpg\" \/>\n\t<meta property=\"og:image:width\" content=\"1200\" \/>\n\t<meta property=\"og:image:height\" content=\"512\" \/>\n\t<meta property=\"og:image:type\" content=\"image\/jpeg\" \/>\n<meta name=\"twitter:card\" content=\"summary_large_image\" \/>\n<meta name=\"twitter:site\" content=\"@MunicipalesSF\" \/>\n<script type=\"application\/ld+json\" class=\"yoast-schema-graph\">{\"@context\":\"https:\/\/schema.org\",\"@graph\":[{\"@type\":\"WebPage\",\"@id\":\"https:\/\/municipales.org.ar\/festram\/regionales\/\",\"url\":\"https:\/\/municipales.org.ar\/festram\/regionales\/\",\"name\":\"Regionales &#8211; FESTRAM\",\"isPartOf\":{\"@id\":\"https:\/\/municipales.org.ar\/festram\/#website\"},\"datePublished\":\"2014-06-17T14:46:07+00:00\",\"dateModified\":\"2018-03-15T16:15:48+00:00\",\"description\":\"Con la finalidad de optimizar una instancia regional en la hip\u00f3tesis de conflictos, y basada en la utilizaci\u00f3n de estrategias comunes a trav\u00e9s del conocimiento directo de la realidad de la regi\u00f3n, se constituy\u00f3 este nuevo \u00f3rgano de conducci\u00f3n que qued\u00f3 establecido en la creaci\u00f3n de siete delegaciones regionales.\",\"breadcrumb\":{\"@id\":\"https:\/\/municipales.org.ar\/festram\/regionales\/#breadcrumb\"},\"inLanguage\":\"es\",\"potentialAction\":[{\"@type\":\"ReadAction\",\"target\":[\"https:\/\/municipales.org.ar\/festram\/regionales\/\"]}]},{\"@type\":\"BreadcrumbList\",\"@id\":\"https:\/\/municipales.org.ar\/festram\/regionales\/#breadcrumb\",\"itemListElement\":[{\"@type\":\"ListItem\",\"position\":1,\"name\":\"Portada\",\"item\":\"https:\/\/municipales.org.ar\/festram\/\"},{\"@type\":\"ListItem\",\"position\":2,\"name\":\"Regionales\"}]},{\"@type\":\"WebSite\",\"@id\":\"https:\/\/municipales.org.ar\/festram\/#website\",\"url\":\"https:\/\/municipales.org.ar\/festram\/\",\"name\":\"FESTRAM\",\"description\":\"La web de los trabajadores municipales\",\"publisher\":{\"@id\":\"https:\/\/municipales.org.ar\/festram\/#organization\"},\"potentialAction\":[{\"@type\":\"SearchAction\",\"target\":{\"@type\":\"EntryPoint\",\"urlTemplate\":\"https:\/\/municipales.org.ar\/festram\/?s={search_term_string}\"},\"query-input\":{\"@type\":\"PropertyValueSpecification\",\"valueRequired\":true,\"valueName\":\"search_term_string\"}}],\"inLanguage\":\"es\"},{\"@type\":\"Organization\",\"@id\":\"https:\/\/municipales.org.ar\/festram\/#organization\",\"name\":\"Federaci\u00f3n de Sindicatos de Trabajadores Municipales de la Provincia de Santa Fe\",\"url\":\"https:\/\/municipales.org.ar\/festram\/\",\"logo\":{\"@type\":\"ImageObject\",\"inLanguage\":\"es\",\"@id\":\"https:\/\/municipales.org.ar\/festram\/#\/schema\/logo\/image\/\",\"url\":\"https:\/\/www.municipales.org.ar\/festram\/wp-content\/uploads\/2014\/07\/logo_fes.jpg\",\"contentUrl\":\"https:\/\/www.municipales.org.ar\/festram\/wp-content\/uploads\/2014\/07\/logo_fes.jpg\",\"width\":661,\"height\":673,\"caption\":\"Federaci\u00f3n de Sindicatos de Trabajadores Municipales de la Provincia de Santa Fe\"},\"image\":{\"@id\":\"https:\/\/municipales.org.ar\/festram\/#\/schema\/logo\/image\/\"},\"sameAs\":[\"https:\/\/www.facebook.com\/MunicipalesSF\",\"https:\/\/x.com\/MunicipalesSF\",\"https:\/\/www.youtube.com\/user\/festram\"]}]}<\/script>\n<!-- \/ Yoast SEO plugin. -->","yoast_head_json":{"title":"Regionales &#8211; FESTRAM","description":"Con la finalidad de optimizar una instancia regional en la hip\u00f3tesis de conflictos, y basada en la utilizaci\u00f3n de estrategias comunes a trav\u00e9s del conocimiento directo de la realidad de la regi\u00f3n, se constituy\u00f3 este nuevo \u00f3rgano de conducci\u00f3n que qued\u00f3 establecido en la creaci\u00f3n de siete delegaciones regionales.","robots":{"index":"index","follow":"follow","max-snippet":"max-snippet:-1","max-image-preview":"max-image-preview:large","max-video-preview":"max-video-preview:-1"},"canonical":"https:\/\/municipales.org.ar\/festram\/regionales\/","og_locale":"es_ES","og_type":"article","og_title":"Regionales &#8211; FESTRAM","og_description":"Con la finalidad de optimizar una instancia regional en la hip\u00f3tesis de conflictos, y basada en la utilizaci\u00f3n de estrategias comunes a trav\u00e9s del conocimiento directo de la realidad de la regi\u00f3n, se constituy\u00f3 este nuevo \u00f3rgano de conducci\u00f3n que qued\u00f3 establecido en la creaci\u00f3n de siete delegaciones regionales.","og_url":"https:\/\/municipales.org.ar\/festram\/regionales\/","og_site_name":"FESTRAM","article_publisher":"https:\/\/www.facebook.com\/MunicipalesSF","article_modified_time":"2018-03-15T16:15:48+00:00","og_image":[{"width":1200,"height":512,"url":"https:\/\/municipales.org.ar\/festram\/wp-content\/uploads\/2015\/11\/tapa-convocatoria-2016A.jpg","type":"image\/jpeg"}],"twitter_card":"summary_large_image","twitter_site":"@MunicipalesSF","schema":{"@context":"https:\/\/schema.org","@graph":[{"@type":"WebPage","@id":"https:\/\/municipales.org.ar\/festram\/regionales\/","url":"https:\/\/municipales.org.ar\/festram\/regionales\/","name":"Regionales &#8211; FESTRAM","isPartOf":{"@id":"https:\/\/municipales.org.ar\/festram\/#website"},"datePublished":"2014-06-17T14:46:07+00:00","dateModified":"2018-03-15T16:15:48+00:00","description":"Con la finalidad de optimizar una instancia regional en la hip\u00f3tesis de conflictos, y basada en la utilizaci\u00f3n de estrategias comunes a trav\u00e9s del conocimiento directo de la realidad de la regi\u00f3n, se constituy\u00f3 este nuevo \u00f3rgano de conducci\u00f3n que qued\u00f3 establecido en la creaci\u00f3n de siete delegaciones regionales.","breadcrumb":{"@id":"https:\/\/municipales.org.ar\/festram\/regionales\/#breadcrumb"},"inLanguage":"es","potentialAction":[{"@type":"ReadAction","target":["https:\/\/municipales.org.ar\/festram\/regionales\/"]}]},{"@type":"BreadcrumbList","@id":"https:\/\/municipales.org.ar\/festram\/regionales\/#breadcrumb","itemListElement":[{"@type":"ListItem","position":1,"name":"Portada","item":"https:\/\/municipales.org.ar\/festram\/"},{"@type":"ListItem","position":2,"name":"Regionales"}]},{"@type":"WebSite","@id":"https:\/\/municipales.org.ar\/festram\/#website","url":"https:\/\/municipales.org.ar\/festram\/","name":"FESTRAM","description":"La web de los trabajadores municipales","publisher":{"@id":"https:\/\/municipales.org.ar\/festram\/#organization"},"potentialAction":[{"@type":"SearchAction","target":{"@type":"EntryPoint","urlTemplate":"https:\/\/municipales.org.ar\/festram\/?s={search_term_string}"},"query-input":{"@type":"PropertyValueSpecification","valueRequired":true,"valueName":"search_term_string"}}],"inLanguage":"es"},{"@type":"Organization","@id":"https:\/\/municipales.org.ar\/festram\/#organization","name":"Federaci\u00f3n de Sindicatos de Trabajadores Municipales de la Provincia de Santa Fe","url":"https:\/\/municipales.org.ar\/festram\/","logo":{"@type":"ImageObject","inLanguage":"es","@id":"https:\/\/municipales.org.ar\/festram\/#\/schema\/logo\/image\/","url":"https:\/\/www.municipales.org.ar\/festram\/wp-content\/uploads\/2014\/07\/logo_fes.jpg","contentUrl":"https:\/\/www.municipales.org.ar\/festram\/wp-content\/uploads\/2014\/07\/logo_fes.jpg","width":661,"height":673,"caption":"Federaci\u00f3n de Sindicatos de Trabajadores Municipales de la Provincia de Santa Fe"},"image":{"@id":"https:\/\/municipales.org.ar\/festram\/#\/schema\/logo\/image\/"},"sameAs":["https:\/\/www.facebook.com\/MunicipalesSF","https:\/\/x.com\/MunicipalesSF","https:\/\/www.youtube.com\/user\/festram"]}]}},"jetpack_sharing_enabled":true,"jetpack_likes_enabled":false,"jetpack_shortlink":"https:\/\/wp.me\/P7l4x1-79","_links":{"self":[{"href":"https:\/\/municipales.org.ar\/festram\/wp-json\/wp\/v2\/pages\/443","targetHints":{"allow":["GET"]}}],"collection":[{"href":"https:\/\/municipales.org.ar\/festram\/wp-json\/wp\/v2\/pages"}],"about":[{"href":"https:\/\/municipales.org.ar\/festram\/wp-json\/wp\/v2\/types\/page"}],"author":[{"embeddable":true,"href":"https:\/\/municipales.org.ar\/festram\/wp-json\/wp\/v2\/users\/1"}],"replies":[{"embeddable":true,"href":"https:\/\/municipales.org.ar\/festram\/wp-json\/wp\/v2\/comments?post=443"}],"version-history":[{"count":4,"href":"https:\/\/municipales.org.ar\/festram\/wp-json\/wp\/v2\/pages\/443\/revisions"}],"predecessor-version":[{"id":9702,"href":"https:\/\/municipales.org.ar\/festram\/wp-json\/wp\/v2\/pages\/443\/revisions\/9702"}],"wp:attachment":[{"href":"https:\/\/municipales.org.ar\/festram\/wp-json\/wp\/v2\/media?parent=443"}],"curies":[{"name":"wp","href":"https:\/\/api.w.org\/{rel}","templated":true}]}}